{"id":207,"date":"2020-12-14T19:59:02","date_gmt":"2020-12-14T18:59:02","guid":{"rendered":"https:\/\/fachtag-thueringen.de\/mb21\/?page_id=207"},"modified":"2021-01-21T09:14:37","modified_gmt":"2021-01-21T08:14:37","slug":"workshop-1-rechtsverletzungen-im-social-web-juristische-fallarbeit-im-kontext-von-schule-elternhaus-und-ermittlungsbehoerden","status":"publish","type":"page","link":"https:\/\/fachtag-thueringen.de\/mb21\/programm\/workshop-1-rechtsverletzungen-im-social-web-juristische-fallarbeit-im-kontext-von-schule-elternhaus-und-ermittlungsbehoerden\/","title":{"rendered":"Workshop 1"},"content":{"rendered":"<div class=\"flex_column av_three_fourth  flex_column_div av-zero-column-padding first  avia-builder-el-0  avia-builder-el-no-sibling  \" style='border-radius:0px; '><section class=\"av_textblock_section \"  itemscope=\"itemscope\" itemtype=\"https:\/\/schema.org\/CreativeWork\" ><div class='avia_textblock  '  style='font-size:14px; '  itemprop=\"text\" ><h3><span style=\"color: #ff0000;\"><strong>!!! Achtung !!! Workshop 1 ist ausgebucht<\/strong><\/span><\/h3>\n<h4 id=\"PlanungWorkshopsFachtagMedien-\" title=\"\"><strong>Workshop 1<\/strong><\/h4>\n<h4 title=\"\">&#8220;Rechtsverletzungen im Social Web &#8211; Juristische Fallarbeit im Kontext von Schule, Elternhaus und Ermittlungsbeh\u00f6rden&#8221;<\/h4>\n<p title=\"\"><em>Ingo Weidenkaff, LAG Kinder- und Jugendschutz Th\u00fcringen e. V.<br \/>\nYasmina Ramdani, Universit\u00e4t Erfurt<br \/>\n<\/em><\/p>\n<p>Seit Jahren bewegen Schlagw\u00f6rter wie Cybermobbing, Sexting oder Cybergrooming die Gem\u00fcter. Was zumeist im Schutze der privaten Websph\u00e4re seinen Ausgang nimmt, kann, einmal \u00f6ffentlich gemacht, unvermittelt strafrechtliche Ausma\u00dfe annehmen. Welche Konsequenzen sind angezeigt, etwa, wenn Lehrende die Opfer sind oder Sch\u00fclerinnen und Sch\u00fcler in die Schusslinie geraten und der Schulfrieden gest\u00f6rt ist?<br \/>\nIm Workshop geht es darum, die Verantwortlichkeiten im Setting von Fallanalyse, Gef\u00e4hrdungseinsch\u00e4tzung und m\u00f6glicher Sanktionierung aufzuzeigen. Am Beispiel von Fallgeschichten soll aufgezeigt und diskutiert werden, welche au\u00dfergerichtlichen Handlungsspielr\u00e4ume gegeben sind und was f\u00fcr Akteure zu Rate gezogen werden k\u00f6nnen. Optionen der Befriedung und M\u00f6glichkeiten der Opferentsch\u00e4digung erg\u00e4nzen die Themenpalette.<\/p>\n<p>Herzlich eingeladen sind alle relevanten Professionen im Schulumfeld.<\/p>\n<\/div><\/section><\/div>\n","protected":false},"excerpt":{"rendered":"","protected":false},"author":1,"featured_media":0,"parent":36,"menu_order":0,"comment_status":"closed","ping_status":"closed","template":"","meta":[],"_links":{"self":[{"href":"https:\/\/fachtag-thueringen.de\/mb21\/wp-json\/wp\/v2\/pages\/207"}],"collection":[{"href":"https:\/\/fachtag-thueringen.de\/mb21\/wp-json\/wp\/v2\/pages"}],"about":[{"href":"https:\/\/fachtag-thueringen.de\/mb21\/wp-json\/wp\/v2\/types\/page"}],"author":[{"embeddable":true,"href":"https:\/\/fachtag-thueringen.de\/mb21\/wp-json\/wp\/v2\/users\/1"}],"replies":[{"embeddable":true,"href":"https:\/\/fachtag-thueringen.de\/mb21\/wp-json\/wp\/v2\/comments?post=207"}],"version-history":[{"count":9,"href":"https:\/\/fachtag-thueringen.de\/mb21\/wp-json\/wp\/v2\/pages\/207\/revisions"}],"predecessor-version":[{"id":654,"href":"https:\/\/fachtag-thueringen.de\/mb21\/wp-json\/wp\/v2\/pages\/207\/revisions\/654"}],"up":[{"embeddable":true,"href":"https:\/\/fachtag-thueringen.de\/mb21\/wp-json\/wp\/v2\/pages\/36"}],"wp:attachment":[{"href":"https:\/\/fachtag-thueringen.de\/mb21\/wp-json\/wp\/v2\/media?parent=207"}],"curies":[{"name":"wp","href":"https:\/\/api.w.org\/{rel}","templated":true}]}}