{"id":367,"date":"2020-12-16T15:06:28","date_gmt":"2020-12-16T14:06:28","guid":{"rendered":"https:\/\/fachtag-thueringen.de\/mb21\/?page_id=367"},"modified":"2020-12-16T15:14:02","modified_gmt":"2020-12-16T14:14:02","slug":"kontakt","status":"publish","type":"page","link":"https:\/\/fachtag-thueringen.de\/mb21\/kontakt\/","title":{"rendered":"Kontakt"},"content":{"rendered":"<div class=\"flex_column av_one_half flex_column_div av-zero-column-padding avia-builder-el-2 el_after_av_one_half avia-builder-el-last \">\n<section class=\"av_textblock_section \">\n<div class=\"avia_textblock \">\n<h3 class=\"csc-default\">Landesfilmdienst Th\u00fcringen e.V.<\/h3>\n<p><b> Zentrum f\u00fcr Medienkompetenz und Service (LFD)<\/b><br \/>\nBr\u00fchler Str. 52<br \/>\n99084 Erfurt<br \/>\nTel: (0049) (0) 361\u00a0221\u00a081\u00a015<br \/>\nFax: (0049) (0) 361\u00a0221\u00a081\u00a050<br \/>\nE-mail: info(at)landesfilmdienst-thueringen.de<br \/>\nWebsite: <a title=\"Landesfilmdienst Th\u00fcringen e.V., Zentrum f\u00fcr Medienkompetenz und Service\" href=\"https:\/\/www.landesfilmdienst-thueringen.de\" target=\"_blank\" rel=\"noopener\">www.landesfilmdienst-thueringen.de<\/a><br \/>\nFacebook-Seite: <a class=\"external-link-new-window\" href=\"https:\/\/www.facebook.com\/landesfilmdienst.thueringen\" target=\"_blank\" rel=\"noopener noreferrer\">www.facebook.com\/landesfilmdienst.thueringen<br \/>\n<\/a>YouTube-Kanal:\u00a0<a class=\"external-link-new-window\" href=\"http:\/\/www.youtube.com\/LFDThueringen\" target=\"_blank\" rel=\"noopener noreferrer\">www.youtube.com\/LFDThueringen<br \/>\n<\/a>Vimeo-Kanal <a href=\"http:\/\/www.vimeo.com\/lfdTh\">www.vimeo.com\/lfdTh<\/a><br \/>\nInstagram: <a href=\"https:\/\/www.instagram.com\/landesfilmdienstthueringen_e.v\/?hl=de\">https:\/\/www.instagram.com\/landesfilmdienstthueringen_e.v\/?hl=de<\/a><\/p>\n<\/div>\n<\/section>\n<section class=\"av_textblock_section \">\n<div class=\"avia_textblock \">\n<h3><b>\u00d6ffnungszeiten Medienbibliothek<\/b><\/h3>\n<p>Montag und Mittwoch: nach Vereinbarung<br \/>\nDienstag und Donnerstag: 12.00 \u2013 18.00 Uhr<br \/>\nFreitag: 10.00 \u2013 13.00 Uhr<\/p>\n<p>Tel.: (0049) (0) 361-221 81 14<\/p>\n<\/div>\n<\/section>\n<\/div>\n","protected":false},"excerpt":{"rendered":"<p>Landesfilmdienst Th\u00fcringen e.V. Zentrum f\u00fcr Medienkompetenz und Service (LFD) Br\u00fchler Str. 52 99084 Erfurt Tel: (0049) (0) 361\u00a0221\u00a081\u00a015 Fax: (0049) (0) 361\u00a0221\u00a081\u00a050 E-mail: info(at)landesfilmdienst-thueringen.de Website: www.landesfilmdienst-thueringen.de Facebook-Seite: www.facebook.com\/landesfilmdienst.thueringen YouTube-Kanal:\u00a0www.youtube.com\/LFDThueringen Vimeo-Kanal www.vimeo.com\/lfdTh Instagram: https:\/\/www.instagram.com\/landesfilmdienstthueringen_e.v\/?hl=de \u00d6ffnungszeiten Medienbibliothek Montag und Mittwoch: nach Vereinbarung Dienstag und Donnerstag: 12.00 \u2013 18.00 Uhr Freitag: 10.00 \u2013 13.00 Uhr Tel.: (0049) (0) [&hellip;]<\/p>\n","protected":false},"author":1,"featured_media":0,"parent":0,"menu_order":0,"comment_status":"closed","ping_status":"closed","template":"","meta":[],"_links":{"self":[{"href":"https:\/\/fachtag-thueringen.de\/mb21\/wp-json\/wp\/v2\/pages\/367"}],"collection":[{"href":"https:\/\/fachtag-thueringen.de\/mb21\/wp-json\/wp\/v2\/pages"}],"about":[{"href":"https:\/\/fachtag-thueringen.de\/mb21\/wp-json\/wp\/v2\/types\/page"}],"author":[{"embeddable":true,"href":"https:\/\/fachtag-thueringen.de\/mb21\/wp-json\/wp\/v2\/users\/1"}],"replies":[{"embeddable":true,"href":"https:\/\/fachtag-thueringen.de\/mb21\/wp-json\/wp\/v2\/comments?post=367"}],"version-history":[{"count":1,"href":"https:\/\/fachtag-thueringen.de\/mb21\/wp-json\/wp\/v2\/pages\/367\/revisions"}],"predecessor-version":[{"id":368,"href":"https:\/\/fachtag-thueringen.de\/mb21\/wp-json\/wp\/v2\/pages\/367\/revisions\/368"}],"wp:attachment":[{"href":"https:\/\/fachtag-thueringen.de\/mb21\/wp-json\/wp\/v2\/media?parent=367"}],"curies":[{"name":"wp","href":"https:\/\/api.w.org\/{rel}","templated":true}]}}